{"id":1474,"date":"2016-03-08T11:12:08","date_gmt":"2016-03-08T11:12:08","guid":{"rendered":"http:\/\/www.banusamanci.com\/?page_id=1474"},"modified":"2016-03-08T13:13:50","modified_gmt":"2016-03-08T13:13:50","slug":"kadinlar-gunu-ozel-marka-danismanligi-yarismasi","status":"publish","type":"page","link":"https:\/\/www.banusamanci.com\/index.php\/kadinlar-gunu-ozel-marka-danismanligi-yarismasi\/","title":{"rendered":"Kad\u0131nlar g\u00fcn\u00fc \u00f6zel marka dan\u0131\u015fmanl\u0131\u011f\u0131 yar\u0131\u015fmas\u0131"},"content":{"rendered":"<div class=\"fusion-fullwidth fullwidth-box fusion-fullwidth-1  fusion-parallax-none nonhundred-percent-fullwidth\" style=\"border-bottom-width: 0px;border-top-width: 0px;border-bottom-style: solid;border-top-style: solid;padding-bottom:0px;padding-top:0px;padding-left:0px;padding-right:0px;background-color:#ffffff;\"><style type=\"text\/css\" scoped=\"scoped\">.fusion-fullwidth-1 {\n                            padding-left: 0px !important;\n                            padding-right: 0px !important;\n                        }<\/style><div class=\"fusion-row\"><span class=\"fusion-imageframe imageframe-none imageframe-1 hover-type-none\"> <img decoding=\"async\" src=\"http:\/\/www.banusamanci.com\/wp-content\/uploads\/2016\/03\/form_genel_kadinlar_gunu_yarisma.jpg\" alt=\"Kad\u0131nlar g\u00fcn\u00fcm\u00fcz kutlu olsun\" class=\"img-responsive\"\/><\/span><\/div><\/div><div class=\"fusion-fullwidth fullwidth-box fusion-fullwidth-2  fusion-parallax-none nonhundred-percent-fullwidth\" style=\"border-bottom-width: 0px;border-top-width: 0px;border-bottom-style: solid;border-top-style: solid;padding-bottom:5px;padding-top:25px;padding-left:0px;padding-right:0px;background-color:#b51446;\"><style type=\"text\/css\" scoped=\"scoped\">.fusion-fullwidth-2 {\n                            padding-left: 0px !important;\n                            padding-right: 0px !important;\n                        }<\/style><div class=\"fusion-row\"><h2 style=\"text-align: center;\"><span style=\"color: #ffffff;\"><strong>HAYALLER\u0130NDEK\u0130 MARKAYI KURMAK \u0130ST\u0130YORSAN,<\/strong><\/span><br \/>\n<span style=\"color: #ffffff;\"><strong>ihtiyac\u0131n olan yard\u0131m\u0131 burada bulabilirsin.<\/strong><\/span><\/h2>\n<\/div><\/div><div class=\"fusion-fullwidth fullwidth-box fusion-fullwidth-3  fusion-parallax-none nonhundred-percent-fullwidth\" style=\"border-bottom-width: 0px;border-top-width: 0px;border-bottom-style: solid;border-top-style: solid;padding-bottom:0px;padding-top:0px;padding-left:px;padding-right:0px;\"><style type=\"text\/css\" scoped=\"scoped\">.fusion-fullwidth-3 {\n                            padding-left: px !important;\n                            padding-right: 0px !important;\n                        }<\/style><div class=\"fusion-row\"><div class=\"fusion-two-third fusion-layout-column fusion-spacing-no\" style=\"margin-top:30px;margin-bottom:0px;\"><div class=\"fusion-column-wrapper\" style=\"background-color:#ffffff;padding:10px;\"><div class=\"fusion-title title fusion-title-size-two\" style=\"margin-top:20px;\"><h2 class=\"title-heading-left\"><strong>Marka dan\u0131\u015fmanl\u0131\u011f\u0131 yar\u0131\u015fmas\u0131 BA\u015eVURU SAYFASI\u00a0<\/strong><\/h2><div class=\"title-sep-container\"><div class=\"title-sep sep-none\"><\/div><\/div><\/div><div class=\"fusion-title title fusion-title-size-two\" style=\"margin-top:10px;\"><h2 class=\"title-heading-left\"><b>Giri\u015fimci ruhlu kad\u0131nlara \u00f6zel&#8230;<\/b><\/h2><div class=\"title-sep-container\"><div class=\"title-sep sep-\"><\/div><\/div><\/div><p>Biz kad\u0131nlar de\u011fi\u015fimin sebebiyiz ve hepimizin i\u00e7inde d\u0131\u015far\u0131 \u00e7\u0131kmay\u0131 bekleyen harika fikirler var. Yarat\u0131c\u0131 olmak ve sorun \u00e7\u00f6zmek bizim ger\u00e7ek g\u00fcc\u00fcm\u00fcz. <strong>Bu y\u00fczden hepimiz do\u011fu\u015ftan birer \u201cgiri\u015fimciyiz\u201d.<\/strong><\/p>\n<p>Benim amac\u0131m, kad\u0131nlar\u0131n hayallerindeki markay\u0131 kurmalar\u0131na yard\u0131mc\u0131 olmak. Bu y\u00fczden, Kad\u0131nlar g\u00fcn\u00fcne \u00f6zel bir yar\u0131\u015fma d\u00fczenlemek istedim. Ba\u015fvurular aras\u0131nda, en akl\u0131selim fikri olan ve bu fikri bir ka\u00e7 c\u00fcmlede ba\u015far\u0131yla anlatmay\u0131 ba\u015faran sevgili 5 giri\u015fimci kad\u0131na bir saatlik \u00fccretsiz marka dan\u0131\u015fmanl\u0131\u011f\u0131 hizmeti\u00a0verece\u011fim.<\/p>\n<div class=\"fusion-title title fusion-title-size-three\"><h3 class=\"title-heading-left\"><strong>Her kat\u0131l\u0131mc\u0131 \u00f6yle ya da b\u00f6yle kazanacak<\/strong><\/h3><div class=\"title-sep-container\"><div class=\"title-sep sep-double sep-solid\"><\/div><\/div><\/div><p>Nas\u0131l m\u0131? \u0130lk 5\u2019e giremezseniz bile payla\u015ft\u0131\u011f\u0131n\u0131z i\u015f fikri hakk\u0131nda\u00a0profesyonel bir de\u011ferlendirmeyi e-postan\u0131za muhakkak yollayaca\u011f\u0131m.<br \/>\n<strong><br \/>\nA\u015fa\u011f\u0131daki formu doldurup, yollay\u0131n ve hayalinize bir ad\u0131m daha yakla\u015f\u0131n.<br \/>\n<\/strong>Bize her g\u00fcn kad\u0131nlar g\u00fcn\u00fc ve birlikte her \u015fey daha kolay\u2026<\/p>\n<div class=\"fusion-title title fusion-title-size-two\"><h2 class=\"title-heading-left\"><strong>Etkinlik Takvimi ve Detaylar<\/strong><\/h2><div class=\"title-sep-container\"><div class=\"title-sep sep-none\"><\/div><\/div><\/div><ul class=\"fusion-checklist fusion-checklist-1\" style=\"font-size:17px;line-height:28.9px;\"><li class=\"fusion-li-item\"><span style=\"height:28.9px;width:28.9px;margin-right:11.9px;\" class=\"icon-wrapper circle-no\"><i class=\"fusion-li-icon fa fa-star\" style=\"color:;\"><\/i><\/span><div class=\"fusion-li-item-content\" style=\"margin-left:40.8px;\">Kat\u0131l\u0131m\u0131n ba\u015flang\u0131\u00e7 tarihi: 08.03.2016 <\/div><\/li><li class=\"fusion-li-item\"><span style=\"height:28.9px;width:28.9px;margin-right:11.9px;\" class=\"icon-wrapper circle-no\"><i class=\"fusion-li-icon fa fa-star\" style=\"color:;\"><\/i><\/span><div class=\"fusion-li-item-content\" style=\"margin-left:40.8px;\">\n<p>Kat\u0131l\u0131m\u0131n sonlanma tarihi: 23.03.2016<\/p>\n<\/div><\/li><li class=\"fusion-li-item\"><span style=\"height:28.9px;width:28.9px;margin-right:11.9px;\" class=\"icon-wrapper circle-no\"><i class=\"fusion-li-icon fa fa-star\" style=\"color:;\"><\/i><\/span><div class=\"fusion-li-item-content\" style=\"margin-left:40.8px;\">Kazananlar\u0131n duyurulaca\u011f\u0131 tarih: 30.03.2016<\/div><\/li><li class=\"fusion-li-item\"><span style=\"height:28.9px;width:28.9px;margin-right:11.9px;\" class=\"icon-wrapper circle-no\"><i class=\"fusion-li-icon fa fa-star\" style=\"color:;\"><\/i><\/span><div class=\"fusion-li-item-content\" style=\"margin-left:40.8px;\">Marka dan\u0131\u015fmanl\u0131\u011f\u0131 hizmeti 60 dakikad\u0131r ve g\u00f6r\u00fcnt\u00fcl\u00fc konu\u015fma uygulamas\u0131 olan SKYPE \u00fczerinden verilecektir.<\/div><\/li><li class=\"fusion-li-item\"><span style=\"height:28.9px;width:28.9px;margin-right:11.9px;\" class=\"icon-wrapper circle-no\"><i class=\"fusion-li-icon fa fa-star\" style=\"color:;\"><\/i><\/span><div class=\"fusion-li-item-content\" style=\"margin-left:40.8px;\">\u00dccretsiz dan\u0131\u015fmanl\u0131k hizmeti i\u00e7in g\u00fcn ve saat birlikte belirlenecektir.<\/div><\/li><li class=\"fusion-li-item\"><span style=\"height:28.9px;width:28.9px;margin-right:11.9px;\" class=\"icon-wrapper circle-no\"><i class=\"fusion-li-icon fa fa-star\" style=\"color:;\"><\/i><\/span><div class=\"fusion-li-item-content\" style=\"margin-left:40.8px;\">\u0130stanbul, Kad\u0131k\u00f6y il\u00e7esinde ya\u015fayanlar ile m\u00fcsaitlik durumuna g\u00f6re y\u00fcz y\u00fcze de g\u00f6r\u00fc\u015fme yap\u0131labilir.<\/div><\/li><li class=\"fusion-li-item\"><span style=\"height:28.9px;width:28.9px;margin-right:11.9px;\" class=\"icon-wrapper circle-no\"><i class=\"fusion-li-icon fa fa-star\" style=\"color:;\"><\/i><\/span><div class=\"fusion-li-item-content\" style=\"margin-left:40.8px;\">Kazananlar d\u0131\u015f\u0131ndaki kat\u0131l\u0131mc\u0131lar\u0131n i\u015f fikirlerinin genel de\u011ferlendirmesi e-posta yoluyla yap\u0131lacakt\u0131r. De\u011ferlendirmelerin e-posta ile yollanmas\u0131, kat\u0131l\u0131m\u0131n yo\u011funlu\u011fundan dolay\u0131 uzun bir s\u00fcre alabilir. Anlay\u0131\u015f\u0131n\u0131z i\u00e7in te\u015fekk\u00fcr ederim.<\/div><\/li><\/ul><div class=\"fusion-sep-clear\"><\/div><div class=\"fusion-separator fusion-full-width-sep sep-none\" style=\"margin-left: auto;margin-right: auto;margin-top:10px;margin-bottom:10px;\"><\/div><div class=\"fusion-title title fusion-title-size-two\"><h2 class=\"title-heading-left\"><strong>BA\u015eVURU FORMU<\/strong><\/h2><div class=\"title-sep-container\"><div class=\"title-sep sep-none\"><\/div><\/div><\/div>\n<div class=\"wpcf7 no-js\" id=\"wpcf7-f1477-o1\" lang=\"en-US\" dir=\"ltr\">\n<div class=\"screen-reader-response\"><p role=\"status\" aria-live=\"polite\" aria-atomic=\"true\"><\/p> <ul><\/ul><\/div>\n<form action=\"\/index.php\/wp-json\/wp\/v2\/pages\/1474#wpcf7-f1477-o1\" method=\"post\" class=\"wpcf7-form init\" aria-label=\"Contact form\" novalidate=\"novalidate\" data-status=\"init\">\n<div style=\"display: none;\">\n<input type=\"hidden\" name=\"_wpcf7\" value=\"1477\" \/>\n<input type=\"hidden\" name=\"_wpcf7_version\" value=\"5.9.8\" \/>\n<input type=\"hidden\" name=\"_wpcf7_locale\" value=\"en_US\" \/>\n<input type=\"hidden\" name=\"_wpcf7_unit_tag\" value=\"wpcf7-f1477-o1\" \/>\n<input type=\"hidden\" name=\"_wpcf7_container_post\" value=\"0\" \/>\n<input type=\"hidden\" name=\"_wpcf7_posted_data_hash\" value=\"\" \/>\n<input type=\"hidden\" name=\"_wpcf7_recaptcha_response\" value=\"\" \/>\n<\/div>\n<p>\u0130sim, Soyad* <span class=\"wpcf7-form-control-wrap\" data-name=\"your-name\"><input size=\"40\" maxlength=\"400\" class=\"wpcf7-form-control wpcf7-text wpcf7-validates-as-required\" aria-required=\"true\" aria-invalid=\"false\" value=\"\" type=\"text\" name=\"your-name\" \/><\/span>\n<\/p>\n<p>E-posta adresi* <span class=\"wpcf7-form-control-wrap\" data-name=\"your-email\"><input size=\"40\" maxlength=\"400\" class=\"wpcf7-form-control wpcf7-email wpcf7-validates-as-required wpcf7-text wpcf7-validates-as-email\" aria-required=\"true\" aria-invalid=\"false\" value=\"\" type=\"email\" name=\"your-email\" \/><\/span>\n<\/p>\n<p>Telefon numaras\u0131* <span class=\"wpcf7-form-control-wrap\" data-name=\"Telefon\"><input size=\"40\" maxlength=\"400\" class=\"wpcf7-form-control wpcf7-tel wpcf7-validates-as-required wpcf7-text wpcf7-validates-as-tel\" aria-required=\"true\" aria-invalid=\"false\" value=\"\" type=\"tel\" name=\"Telefon\" \/><\/span>\n<\/p>\n<p> Bir ka\u00e7 c\u00fcmlede i\u015f fikrinizi anlat\u0131n\u0131z?*\n<\/p>\n<p><span class=\"wpcf7-form-control-wrap\" data-name=\"Soru1\"><textarea cols=\"40\" rows=\"10\" maxlength=\"2000\" class=\"wpcf7-form-control wpcf7-textarea wpcf7-validates-as-required\" aria-required=\"true\" aria-invalid=\"false\" name=\"Soru1\"><\/textarea><\/span>\n<\/p>\n<p> Neden bu i\u015fi yapmak istiyorsunuz?*\n<\/p>\n<p><span class=\"wpcf7-form-control-wrap\" data-name=\"Soru2\"><textarea cols=\"40\" rows=\"10\" maxlength=\"2000\" class=\"wpcf7-form-control wpcf7-textarea wpcf7-validates-as-required\" aria-required=\"true\" aria-invalid=\"false\" name=\"Soru2\"><\/textarea><\/span>\n<\/p>\n<p><input class=\"wpcf7-form-control wpcf7-submit has-spinner\" type=\"submit\" value=\"G\u00f6nder\" \/>\n<\/p><p style=\"display: none !important;\" class=\"akismet-fields-container\" data-prefix=\"_wpcf7_ak_\"><label>&#916;<textarea name=\"_wpcf7_ak_hp_textarea\" cols=\"45\" rows=\"8\" maxlength=\"100\"><\/textarea><\/label><input type=\"hidden\" id=\"ak_js_1\" name=\"_wpcf7_ak_js\" value=\"215\"\/><script type=\"text\/javascript\">\n\/* <![CDATA[ *\/\ndocument.getElementById( \"ak_js_1\" ).setAttribute( \"value\", ( new Date() ).getTime() );\n\/* ]]> *\/\n<\/script>\n<\/p><div class=\"wpcf7-response-output\" aria-hidden=\"true\"><\/div>\n<\/form>\n<\/div>\n\n<p>*<em><strong>Bu formu doldurarak yar\u0131\u015fma\u00a0takvimini ve detaylar\u0131 okudum, anlad\u0131m ve kabul ediyorum.<\/strong><\/em><\/p>\n<p><strong>Formla ilgili herhangi bir sorun olursa bana <a href=\"mailto:hayalim@banusamanci.com\">hayalim@banusamanci.com<\/a> adresinden de ula\u015fabilirsiniz.<\/strong><\/p>\n<div class=\"fusion-sep-clear\"><\/div><div class=\"fusion-separator fusion-full-width-sep sep-none\" style=\"margin-left: auto;margin-right: auto;margin-top:15px;margin-bottom:15px;\"><\/div><p><strong>\u015eimdiden kolay gelsin ve in\u015fallah tan\u0131\u015fma \u015fans\u0131m\u0131z olur.<\/strong><\/p>\n<p>Sevgi ve sayg\u0131lar\u0131mla,<\/p>\n<p>Banu SAMANCI<br \/>\nKad\u0131n giri\u015fimcilerin \u00e7\u00f6z\u00fcm orta\u011f\u0131<\/p>\n<p><strong>birlikte her \u015fey daha kolay&#8230;<\/strong><\/p>\n<div class=\"share-box fusion-sharing-box boxed-icons\" style=\"background-color:#e8e8e8;\" data-title=\"Giri\u015fimci ruhlu k\u0131z arkada\u015f\u0131n\u0131zla payla\u015f\u0131n.\" data-description=\"Sizin gibi giri\u015fimci ruhlu kad\u0131nlarla bu yar\u0131\u015fmay\u0131 payla\u015farak onlar\u0131n da hayallerine ula\u015fmas\u0131na yard\u0131mc\u0131 olabilirsiniz.\" data-link=\"http:\/\/www.banusamanci.com\/?p=1474\" data-image=\"http:\/\/www.banusamanci.com\/wp-content\/uploads\/2016\/03\/facebook_kadinlar_gunu_yarisma.jpg\"><h4 class=\"tagline\" style=\"color:#b51446;\">\u015eimdi payla\u015fma zaman\u0131!<\/h4><div class=\"fusion-social-networks boxed-icons\"><a class=\"fusion-social-network-icon fusion-tooltip fusion- fusion-icon-\" target=\"_self\" style=\"color:#e8e8e8 ;background-color:#3B5998;border-color:#3B5998;border-radius:50%;\" data-toggle=\"tooltip\"><\/a><\/div><\/div><div class=\"fusion-clearfix\"><\/div><\/div><\/div><div class=\"col span_4\" data-animation=\"\" data-delay=\"0\"><div class=\"fusion-sep-clear\"><\/div><div class=\"fusion-separator fusion-full-width-sep sep-none\" style=\"margin-left: auto;margin-right: auto;margin-top:30px;\"><\/div><div class=\"fusion-recent-posts avada-container layout-default layout-columns-1\"><section class=\"fusion-columns columns fusion-columns-1 columns-1\"><div class=\"fusion-column column col col-lg-12 col-md-12 col-sm-12\"><div class=\"fusion-flexslider flexslider flexslider-hover-type-none\"><ul class=\"slides\"><li><a href=\"https:\/\/www.banusamanci.com\/index.php\/2016\/07\/15\/tek-sayfalik-is-plani-tarifi\/\" class=\"hover-type-none\"><img loading=\"lazy\" decoding=\"async\" width=\"300\" height=\"300\" src=\"https:\/\/www.banusamanci.com\/wp-content\/uploads\/2016\/07\/isplanitarifi_ebulten.jpg\" class=\"attachment-recent-posts size-recent-posts\" alt=\"Nas\u0131l i\u015f plan\u0131 haz\u0131rlan\u0131r?\" srcset=\"https:\/\/www.banusamanci.com\/wp-content\/uploads\/2016\/07\/isplanitarifi_ebulten.jpg 300w, https:\/\/www.banusamanci.com\/wp-content\/uploads\/2016\/07\/isplanitarifi_ebulten-150x150.jpg 150w, https:\/\/www.banusamanci.com\/wp-content\/uploads\/2016\/07\/isplanitarifi_ebulten-66x66.jpg 66w\" sizes=\"(max-width: 300px) 100vw, 300px\" \/><\/a><\/li><\/ul><\/div><div class=\"recent-posts-content\"><span class=\"vcard\" style=\"display: none;\"><span class=\"fn\"><a href=\"https:\/\/www.banusamanci.com\/index.php\/author\/banusamanci-2\/\" title=\"Posts by Banu Samanc\u0131\" rel=\"author\">Banu Samanc\u0131<\/a><\/span><\/span><span class=\"updated\" style=\"display:none;\">2016-07-15T09:05:12+00:00<\/span><h4 class=\"entry-title\"><a href=\"https:\/\/www.banusamanci.com\/index.php\/2016\/07\/15\/tek-sayfalik-is-plani-tarifi\/\">Tek sayfal\u0131k i\u015f plan\u0131 tarifi<\/a><\/h4><p class=\"meta\"><span><span class=\"date\">09:02<\/span><\/span><span class=\"meta-separator\">|<\/span><span><span>Comments Off<span class=\"screen-reader-text\"> on Tek sayfal\u0131k i\u015f plan\u0131 tarifi<\/span><\/span><\/span><\/p><\/div><\/div><div class=\"fusion-clearfix\"><\/div><div class=\"fusion-column column col col-lg-12 col-md-12 col-sm-12\"><div class=\"fusion-flexslider flexslider flexslider-hover-type-none\"><ul class=\"slides\"><li><a href=\"https:\/\/www.banusamanci.com\/index.php\/2016\/07\/01\/beyonce-hayranlarini-markasina-nasil-yakinlastirdi\/\" class=\"hover-type-none\"><img loading=\"lazy\" decoding=\"async\" width=\"300\" height=\"300\" src=\"https:\/\/www.banusamanci.com\/wp-content\/uploads\/2016\/07\/ebulten_limonata.gif\" class=\"attachment-recent-posts size-recent-posts\" alt=\"Beyonc\u00e9 hayranlar\u0131n\u0131 markas\u0131na nas\u0131l yak\u0131nla\u015ft\u0131rd\u0131?\" \/><\/a><\/li><\/ul><\/div><div class=\"recent-posts-content\"><span class=\"vcard\" style=\"display: none;\"><span class=\"fn\"><a href=\"https:\/\/www.banusamanci.com\/index.php\/author\/banusamanci-2\/\" title=\"Posts by Banu Samanc\u0131\" rel=\"author\">Banu Samanc\u0131<\/a><\/span><\/span><span class=\"updated\" style=\"display:none;\">2016-07-01T10:44:31+00:00<\/span><h4 class=\"entry-title\"><a href=\"https:\/\/www.banusamanci.com\/index.php\/2016\/07\/01\/beyonce-hayranlarini-markasina-nasil-yakinlastirdi\/\">Beyonc\u00e9 hayranlar\u0131n\u0131 markas\u0131na nas\u0131l yak\u0131nla\u015ft\u0131rd\u0131?<\/a><\/h4><p class=\"meta\"><span><span class=\"date\">09:50<\/span><\/span><span class=\"meta-separator\">|<\/span><span><span>Comments Off<span class=\"screen-reader-text\"> on Beyonc\u00e9 hayranlar\u0131n\u0131 markas\u0131na nas\u0131l yak\u0131nla\u015ft\u0131rd\u0131?<\/span><\/span><\/span><\/p><\/div><\/div><div class=\"fusion-clearfix\"><\/div><div class=\"fusion-column column col col-lg-12 col-md-12 col-sm-12\"><div class=\"fusion-flexslider flexslider flexslider-hover-type-none\"><ul class=\"slides\"><li><a href=\"https:\/\/www.banusamanci.com\/index.php\/2016\/06\/23\/melis-buyuksan-tasacinin-ve-markasi-medlisin-arkasinda-yatan-basari-hikayesi\/\" class=\"hover-type-none\"><img loading=\"lazy\" decoding=\"async\" width=\"700\" height=\"441\" src=\"https:\/\/www.banusamanci.com\/wp-content\/uploads\/2016\/06\/melisbuyuksan_nasilbasardi-700x441.jpg\" class=\"attachment-recent-posts size-recent-posts\" alt=\"Medlis markas\u0131n\u0131n ba\u015far\u0131 tarifi\" srcset=\"https:\/\/www.banusamanci.com\/wp-content\/uploads\/2016\/06\/melisbuyuksan_nasilbasardi-700x441.jpg 700w, https:\/\/www.banusamanci.com\/wp-content\/uploads\/2016\/06\/melisbuyuksan_nasilbasardi-320x202.jpg 320w\" sizes=\"(max-width: 700px) 100vw, 700px\" \/><\/a><\/li><\/ul><\/div><div class=\"recent-posts-content\"><span class=\"vcard\" style=\"display: none;\"><span class=\"fn\"><a href=\"https:\/\/www.banusamanci.com\/index.php\/author\/banusamanci-2\/\" title=\"Posts by Banu Samanc\u0131\" rel=\"author\">Banu Samanc\u0131<\/a><\/span><\/span><span class=\"updated\" style=\"display:none;\">2016-06-23T19:19:51+00:00<\/span><h4 class=\"entry-title\"><a href=\"https:\/\/www.banusamanci.com\/index.php\/2016\/06\/23\/melis-buyuksan-tasacinin-ve-markasi-medlisin-arkasinda-yatan-basari-hikayesi\/\">Melis B\u00dcY\u00dcKSAN TASACI\u2019n\u0131n ve markas\u0131 Medlis\u2019in arkas\u0131nda yatan ba\u015far\u0131 hikayesi<\/a><\/h4><p class=\"meta\"><span><span class=\"date\">19:10<\/span><\/span><span class=\"meta-separator\">|<\/span><span><span>Comments Off<span class=\"screen-reader-text\"> on Melis B\u00dcY\u00dcKSAN TASACI\u2019n\u0131n ve markas\u0131 Medlis\u2019in arkas\u0131nda yatan ba\u015far\u0131 hikayesi<\/span><\/span><\/span><\/p><\/div><\/div><div class=\"fusion-clearfix\"><\/div><div class=\"fusion-column column col col-lg-12 col-md-12 col-sm-12\"><div class=\"fusion-flexslider flexslider flexslider-hover-type-none\"><ul class=\"slides\"><li><a href=\"https:\/\/www.banusamanci.com\/index.php\/2016\/06\/18\/kosgeb-girisimci-desteginden-nasil-faydalanabilirsiniz\/\" class=\"hover-type-none\"><img loading=\"lazy\" decoding=\"async\" width=\"300\" height=\"300\" src=\"https:\/\/www.banusamanci.com\/wp-content\/uploads\/2016\/06\/kosgeb_ebulten.gif\" class=\"attachment-recent-posts size-recent-posts\" alt=\"KOSGEB Yeni Giri\u015fimci Deste\u011fi\" \/><\/a><\/li><\/ul><\/div><div class=\"recent-posts-content\"><span class=\"vcard\" style=\"display: none;\"><span class=\"fn\"><a href=\"https:\/\/www.banusamanci.com\/index.php\/author\/banusamanci-2\/\" title=\"Posts by Banu Samanc\u0131\" rel=\"author\">Banu Samanc\u0131<\/a><\/span><\/span><span class=\"updated\" style=\"display:none;\">2016-06-23T19:13:52+00:00<\/span><h4 class=\"entry-title\"><a href=\"https:\/\/www.banusamanci.com\/index.php\/2016\/06\/18\/kosgeb-girisimci-desteginden-nasil-faydalanabilirsiniz\/\">KOSGEB giri\u015fimci deste\u011finden nas\u0131l faydalanabilirsiniz?<\/a><\/h4><p class=\"meta\"><span><span class=\"date\">12:25<\/span><\/span><span class=\"meta-separator\">|<\/span><span><span>Comments Off<span class=\"screen-reader-text\"> on KOSGEB giri\u015fimci deste\u011finden nas\u0131l faydalanabilirsiniz?<\/span><\/span><\/span><\/p><\/div><\/div><div class=\"fusion-clearfix\"><\/div><div class=\"fusion-column column col col-lg-12 col-md-12 col-sm-12\"><div class=\"fusion-flexslider flexslider flexslider-hover-type-none\"><ul class=\"slides\"><li><a href=\"https:\/\/www.banusamanci.com\/index.php\/2016\/06\/03\/kendi-isininizi-kurmak-icin-gec-mi-kaldiniz\/\" class=\"hover-type-none\"><img loading=\"lazy\" decoding=\"async\" width=\"700\" height=\"441\" src=\"https:\/\/www.banusamanci.com\/wp-content\/uploads\/2016\/06\/infografik_cokgecdegilcunku-700x441.gif\" class=\"attachment-recent-posts size-recent-posts\" alt=\"\u0130nfografik - \u00fcnl\u00fc markalar\u0131n hangi ya\u015fta kim taraf\u0131ndan kuruldu\u011fu\" srcset=\"https:\/\/www.banusamanci.com\/wp-content\/uploads\/2016\/06\/infografik_cokgecdegilcunku-700x441.gif 700w, https:\/\/www.banusamanci.com\/wp-content\/uploads\/2016\/06\/infografik_cokgecdegilcunku-320x202.gif 320w\" sizes=\"(max-width: 700px) 100vw, 700px\" \/><\/a><\/li><\/ul><\/div><div class=\"recent-posts-content\"><span class=\"vcard\" style=\"display: none;\"><span class=\"fn\"><a href=\"https:\/\/www.banusamanci.com\/index.php\/author\/banusamanci-2\/\" title=\"Posts by Banu Samanc\u0131\" rel=\"author\">Banu Samanc\u0131<\/a><\/span><\/span><span class=\"updated\" style=\"display:none;\">2016-06-03T10:02:50+00:00<\/span><h4 class=\"entry-title\"><a href=\"https:\/\/www.banusamanci.com\/index.php\/2016\/06\/03\/kendi-isininizi-kurmak-icin-gec-mi-kaldiniz\/\">Kendi i\u015fininizi kurmak i\u00e7in \u00e7ok mu ge\u00e7?<\/a><\/h4><p class=\"meta\"><span><span class=\"date\">09:28<\/span><\/span><span class=\"meta-separator\">|<\/span><span><span>Comments Off<span class=\"screen-reader-text\"> on Kendi i\u015fininizi kurmak i\u00e7in \u00e7ok mu ge\u00e7?<\/span><\/span><\/span><\/p><\/div><\/div><div class=\"fusion-clearfix\"><\/div><div class=\"fusion-column column col col-lg-12 col-md-12 col-sm-12\"><div class=\"fusion-flexslider flexslider flexslider-hover-type-none\"><ul class=\"slides\"><li><a href=\"https:\/\/www.banusamanci.com\/index.php\/2016\/05\/27\/marka-olmak-deyince-hepimiz-ayni-seyi-mi-anliyoruz\/\" class=\"hover-type-none\"><img loading=\"lazy\" decoding=\"async\" width=\"300\" height=\"300\" src=\"https:\/\/www.banusamanci.com\/wp-content\/uploads\/2016\/05\/ebulten_markaolmaknedemek.jpg\" class=\"attachment-recent-posts size-recent-posts\" alt=\"Marka nedir?\" srcset=\"https:\/\/www.banusamanci.com\/wp-content\/uploads\/2016\/05\/ebulten_markaolmaknedemek.jpg 300w, https:\/\/www.banusamanci.com\/wp-content\/uploads\/2016\/05\/ebulten_markaolmaknedemek-150x150.jpg 150w, https:\/\/www.banusamanci.com\/wp-content\/uploads\/2016\/05\/ebulten_markaolmaknedemek-66x66.jpg 66w\" sizes=\"(max-width: 300px) 100vw, 300px\" \/><\/a><\/li><\/ul><\/div><div class=\"recent-posts-content\"><span class=\"vcard\" style=\"display: none;\"><span class=\"fn\"><a href=\"https:\/\/www.banusamanci.com\/index.php\/author\/banusamanci-2\/\" title=\"Posts by Banu Samanc\u0131\" rel=\"author\">Banu Samanc\u0131<\/a><\/span><\/span><span class=\"updated\" style=\"display:none;\">2016-05-27T07:41:25+00:00<\/span><h4 class=\"entry-title\"><a href=\"https:\/\/www.banusamanci.com\/index.php\/2016\/05\/27\/marka-olmak-deyince-hepimiz-ayni-seyi-mi-anliyoruz\/\">\u201cMarka olmak\u201d deyince hepimiz ayn\u0131 \u015feyi mi anl\u0131yoruz?<\/a><\/h4><p class=\"meta\"><span><span class=\"date\">07:41<\/span><\/span><span class=\"meta-separator\">|<\/span><span><span>Comments Off<span class=\"screen-reader-text\"> on \u201cMarka olmak\u201d deyince hepimiz ayn\u0131 \u015feyi mi anl\u0131yoruz?<\/span><\/span><\/span><\/p><\/div><\/div><div class=\"fusion-clearfix\"><\/div><div class=\"fusion-column column col col-lg-12 col-md-12 col-sm-12\"><div class=\"recent-posts-content\"><span class=\"vcard\" style=\"display: none;\"><span class=\"fn\"><a href=\"https:\/\/www.banusamanci.com\/index.php\/author\/banusamanci-2\/\" title=\"Posts by Banu Samanc\u0131\" rel=\"author\">Banu Samanc\u0131<\/a><\/span><\/span><span class=\"updated\" style=\"display:none;\">2016-05-20T08:43:06+00:00<\/span><h4 class=\"entry-title\"><a href=\"https:\/\/www.banusamanci.com\/index.php\/2016\/05\/20\/uyelik-formu\/\">Markala\u015fma tarifleri \u00fcyelik formu<\/a><\/h4><p class=\"meta\"><span><span class=\"date\">08:42<\/span><\/span><span class=\"meta-separator\">|<\/span><span><span>Comments Off<span class=\"screen-reader-text\"> on Markala\u015fma tarifleri \u00fcyelik formu<\/span><\/span><\/span><\/p><\/div><\/div><div class=\"fusion-clearfix\"><\/div><div class=\"fusion-column column col col-lg-12 col-md-12 col-sm-12\"><div class=\"fusion-flexslider flexslider flexslider-hover-type-none\"><ul class=\"slides\"><li><a href=\"https:\/\/www.banusamanci.com\/index.php\/2016\/05\/20\/marka-yaratmakta-neden-zorlaniyoruz\/\" class=\"hover-type-none\"><img loading=\"lazy\" decoding=\"async\" width=\"700\" height=\"441\" src=\"https:\/\/www.banusamanci.com\/wp-content\/uploads\/2016\/05\/blog_nedenmarkaolamiyoruz-700x441.jpg\" class=\"attachment-recent-posts size-recent-posts\" alt=\"Marka olmak i\u00e7in ne gerekir?\" srcset=\"https:\/\/www.banusamanci.com\/wp-content\/uploads\/2016\/05\/blog_nedenmarkaolamiyoruz-700x441.jpg 700w, https:\/\/www.banusamanci.com\/wp-content\/uploads\/2016\/05\/blog_nedenmarkaolamiyoruz-320x202.jpg 320w\" sizes=\"(max-width: 700px) 100vw, 700px\" \/><\/a><\/li><\/ul><\/div><div class=\"recent-posts-content\"><span class=\"vcard\" style=\"display: none;\"><span class=\"fn\"><a href=\"https:\/\/www.banusamanci.com\/index.php\/author\/banusamanci-2\/\" title=\"Posts by Banu Samanc\u0131\" rel=\"author\">Banu Samanc\u0131<\/a><\/span><\/span><span class=\"updated\" style=\"display:none;\">2016-05-25T07:48:12+00:00<\/span><h4 class=\"entry-title\"><a href=\"https:\/\/www.banusamanci.com\/index.php\/2016\/05\/20\/marka-yaratmakta-neden-zorlaniyoruz\/\">Marka yaratmakta neden zorlan\u0131yoruz?<\/a><\/h4><p class=\"meta\"><span><span class=\"date\">08:01<\/span><\/span><span class=\"meta-separator\">|<\/span><span><span>Comments Off<span class=\"screen-reader-text\"> on Marka yaratmakta neden zorlan\u0131yoruz?<\/span><\/span><\/span><\/p><\/div><\/div><div class=\"fusion-clearfix\"><\/div><\/section><\/div><\/div><\/div><\/div>\n","protected":false},"excerpt":{"rendered":"HAYALLER\u0130NDEK\u0130 MARKAYI KURMAK \u0130ST\u0130YORSAN, ihtiyac\u0131n olan yard\u0131m\u0131 burada bulabilirsin. Marka yaratmakta neden zorlan\u0131yoruz?Marka yaratmakta \u00fclkece zorlan\u0131yoruz. Paraysa para, bilgiyse bilgi\u2026 G\u00f6r\u00fcn\u00fc\u015fte her \u015feyimiz var ve her \u015feyi biliyoruz. Peki neden...","protected":false},"author":1,"featured_media":0,"parent":0,"menu_order":0,"comment_status":"closed","ping_status":"closed","template":"","meta":{"footnotes":""},"aioseo_notices":[],"_links":{"self":[{"href":"https:\/\/www.banusamanci.com\/index.php\/wp-json\/wp\/v2\/pages\/1474"}],"collection":[{"href":"https:\/\/www.banusamanci.com\/index.php\/wp-json\/wp\/v2\/pages"}],"about":[{"href":"https:\/\/www.banusamanci.com\/index.php\/wp-json\/wp\/v2\/types\/page"}],"author":[{"embeddable":true,"href":"https:\/\/www.banusamanci.com\/index.php\/wp-json\/wp\/v2\/users\/1"}],"replies":[{"embeddable":true,"href":"https:\/\/www.banusamanci.com\/index.php\/wp-json\/wp\/v2\/comments?post=1474"}],"version-history":[{"count":22,"href":"https:\/\/www.banusamanci.com\/index.php\/wp-json\/wp\/v2\/pages\/1474\/revisions"}],"predecessor-version":[{"id":1510,"href":"https:\/\/www.banusamanci.com\/index.php\/wp-json\/wp\/v2\/pages\/1474\/revisions\/1510"}],"wp:attachment":[{"href":"https:\/\/www.banusamanci.com\/index.php\/wp-json\/wp\/v2\/media?parent=1474"}],"curies":[{"name":"wp","href":"https:\/\/api.w.org\/{rel}","templated":true}]}}